{"id":77,"date":"2021-06-03T17:26:46","date_gmt":"2021-06-03T15:26:46","guid":{"rendered":"http:\/\/drbenedictesimon.com\/?page_id=77"},"modified":"2021-06-22T10:55:34","modified_gmt":"2021-06-22T08:55:34","slug":"votre-suivi","status":"publish","type":"page","link":"https:\/\/drbenedictesimon.com\/index.php\/votre-suivi\/","title":{"rendered":"Votre suivi"},"content":{"rendered":"\t\t<div data-elementor-type=\"wp-page\" data-elementor-id=\"77\" class=\"elementor elementor-77\" data-elementor-settings=\"[]\">\n\t\t\t\t\t\t\t<div class=\"elementor-section-wrap\">\n\t\t\t\t\t\t\t<section class=\"elementor-section elementor-top-section elementor-element elementor-element-0fe8d9d elementor-section-boxed elementor-section-height-default elementor-section-height-default\" data-id=\"0fe8d9d\" data-element_type=\"section\">\n\t\t\t\t\t\t<div class=\"elementor-container elementor-column-gap-default\">\n\t\t\t\t\t<div class=\"elementor-column elementor-col-100 elementor-top-column elementor-element elementor-element-2e88ee3\" data-id=\"2e88ee3\" data-element_type=\"column\">\n\t\t\t<div class=\"elementor-widget-wrap elementor-element-populated\">\n\t\t\t\t\t\t\t\t<div class=\"elementor-element elementor-element-1203259 elementor-widget elementor-widget-heading\" data-id=\"1203259\" data-element_type=\"widget\" data-widget_type=\"heading.default\">\n\t\t\t\t<div class=\"elementor-widget-container\">\n\t\t\t<h2 class=\"elementor-heading-title elementor-size-default\"><strong>La consultation pr\u00e9-conceptionnelle<\/strong><\/h2>\t\t<\/div>\n\t\t\t\t<\/div>\n\t\t\t\t\t<\/div>\n\t\t<\/div>\n\t\t\t\t\t\t\t<\/div>\n\t\t<\/section>\n\t\t\t\t<section class=\"elementor-section elementor-top-section elementor-element elementor-element-583c84c elementor-section-full_width elementor-section-height-min-height elementor-section-height-default elementor-section-items-middle\" data-id=\"583c84c\" data-element_type=\"section\" data-settings=\"{&quot;background_background&quot;:&quot;classic&quot;}\">\n\t\t\t\t\t\t<div class=\"elementor-container elementor-column-gap-default\">\n\t\t\t\t\t<div class=\"elementor-column elementor-col-100 elementor-top-column elementor-element elementor-element-26c13d7\" data-id=\"26c13d7\" data-element_type=\"column\">\n\t\t\t<div class=\"elementor-widget-wrap\">\n\t\t\t\t\t\t\t\t\t<\/div>\n\t\t<\/div>\n\t\t\t\t\t\t\t<\/div>\n\t\t<\/section>\n\t\t\t\t<section class=\"elementor-section elementor-top-section elementor-element elementor-element-4a647e0 elementor-section-boxed elementor-section-height-default elementor-section-height-default\" data-id=\"4a647e0\" data-element_type=\"section\">\n\t\t\t\t\t\t<div class=\"elementor-container elementor-column-gap-default\">\n\t\t\t\t\t<div class=\"elementor-column elementor-col-100 elementor-top-column elementor-element elementor-element-b883a7d\" data-id=\"b883a7d\" data-element_type=\"column\">\n\t\t\t<div class=\"elementor-widget-wrap elementor-element-populated\">\n\t\t\t\t\t\t\t\t<section class=\"elementor-section elementor-inner-section elementor-element elementor-element-73ae36e elementor-section-boxed elementor-section-height-default elementor-section-height-default\" data-id=\"73ae36e\" data-element_type=\"section\">\n\t\t\t\t\t\t<div class=\"elementor-container elementor-column-gap-wide\">\n\t\t\t\t\t<div class=\"elementor-column elementor-col-50 elementor-inner-column elementor-element elementor-element-f5c0992\" data-id=\"f5c0992\" data-element_type=\"column\">\n\t\t\t<div class=\"elementor-widget-wrap elementor-element-populated\">\n\t\t\t\t\t\t\t\t<div class=\"elementor-element elementor-element-3573483 elementor-widget elementor-widget-text-editor\" data-id=\"3573483\" data-element_type=\"widget\" data-widget_type=\"text-editor.default\">\n\t\t\t\t<div class=\"elementor-widget-container\">\n\t\t\t\t\t\t\t\t<p><strong>Une consultation est conseill\u00e9e en pr\u00e9vision de la grossesse.\u00a0Elle permet l\u2019analyse de votre histoire m\u00e9dicale personnelle (via l\u2019interrogatoire et le carnet de sant\u00e9) et familiale.<\/strong><\/p>\n<p>Un examen clinique et quelques examens sanguins compl\u00e8teront cette \u00e9tude. Dans le cas de situations m\u00e9dicales particuli\u00e8res, l\u2019avis aupr\u00e8s de certains sp\u00e9cialistes permettra de pr\u00e9parer au mieux la grossesse.<\/p>\n<p><!-- \/wp:paragraph --><!-- wp:paragraph --><\/p>\n<p>La mise \u00e0 jour des vaccins, la prescription de vitamines sont n\u00e9cessaires en vue d\u2019une grossesse.<\/p>\n<p><!-- \/wp:paragraph --><!-- wp:paragraph --><\/p>\n<p><!-- \/wp:paragraph --><!-- wp:paragraph --><\/p>\n<p>Lors de l\u2019arr\u00eat de la pilule, apr\u00e8s retrait du st\u00e9rilet ou apr\u00e8s une fausse couche, il faut prot\u00e9ger les rapports sexuels par des pr\u00e9servatifs ou spermicides, afin de ne pas \u00eatre enceinte avant la fin du 1er cycle.<\/p>\n<p><!-- \/wp:paragraph --><!-- wp:paragraph --><\/p>\n<p>Il faut noter la date du d\u00e9but de chaque p\u00e9riode de r\u00e8gles et\/ou de votre test de grossesse positif, car ces dates sont vraiment importantes \u00e0 retenir et la m\u00e9moire fait souvent d\u00e9faut.<\/p>\t\t\t\t\t\t<\/div>\n\t\t\t\t<\/div>\n\t\t\t\t\t<\/div>\n\t\t<\/div>\n\t\t\t\t<div class=\"elementor-column elementor-col-50 elementor-inner-column elementor-element elementor-element-daa21cb\" data-id=\"daa21cb\" data-element_type=\"column\">\n\t\t\t<div class=\"elementor-widget-wrap elementor-element-populated\">\n\t\t\t\t\t\t\t\t<div class=\"elementor-element elementor-element-ff9efa2 elementor-widget elementor-widget-text-editor\" data-id=\"ff9efa2\" data-element_type=\"widget\" data-widget_type=\"text-editor.default\">\n\t\t\t\t<div class=\"elementor-widget-container\">\n\t\t\t\t\t\t\t\t<p><strong>Pour bien pr\u00e9parer une grossesse et minimiser les risques, il faut bien conna\u00eetre l\u2019histoire m\u00e9dicale de sa propre famille. <\/strong><\/p>\n<p>Il est important que vous questionniez votre entourage proche afin de savoir si un membre de votre famille a rencontr\u00e9 les difficult\u00e9s suivantes :<\/p>\n<p>\u00a0<\/p>\t\t\t\t\t\t<\/div>\n\t\t\t\t<\/div>\n\t\t\t\t<div class=\"elementor-element elementor-element-657bce6 elementor-widget elementor-widget-text-editor\" data-id=\"657bce6\" data-element_type=\"widget\" data-widget_type=\"text-editor.default\">\n\t\t\t\t<div class=\"elementor-widget-container\">\n\t\t\t\t\t\t\t\t<ul>\n<li>Ant\u00e9c\u00e9dents de cancer<\/li>\n<\/ul>\n<p><!-- \/wp:paragraph --><!-- wp:paragraph --><\/p>\n<p><!-- \/wp:paragraph --><!-- wp:paragraph --><\/p>\n<ul>\n<li>Phl\u00e9bite, thrombose, embolie pulmonaire<\/li>\n<\/ul>\n<p><!-- \/wp:paragraph --><!-- wp:paragraph --><\/p>\n<ul>\n<li>Accidents h\u00e9morragiques (par exemple lors d&#8217;interventions chirurgicales ou d&#8217;accouchement)<\/li>\n<\/ul>\n<p><!-- \/wp:paragraph --><!-- wp:paragraph --><\/p>\n<ul>\n<li>Maladies g\u00e9n\u00e9tiques<\/li>\n<\/ul>\n<p><!-- \/wp:paragraph --><!-- wp:paragraph --><\/p>\n<ul>\n<li>Enfants malades ou morts en bas \u00e2ge<\/li>\n<\/ul>\n<p><!-- \/wp:paragraph --><!-- wp:paragraph --><\/p>\n<ul>\n<li>Handicap, retard mental<\/li>\n<\/ul>\n<p><!-- \/wp:paragraph --><!-- wp:paragraph --><\/p>\n<ul>\n<li>Diab\u00e8te, hypertension<\/li>\n<\/ul>\n<p><!-- \/wp:paragraph --><!-- wp:paragraph --><\/p>\n<ul>\n<li>Dr\u00e9panocytose ou autres anomalie de l\u2019h\u00e9moglobine<\/li>\n<\/ul>\t\t\t\t\t\t<\/div>\n\t\t\t\t<\/div>\n\t\t\t\t\t<\/div>\n\t\t<\/div>\n\t\t\t\t\t\t\t<\/div>\n\t\t<\/section>\n\t\t\t\t<div class=\"elementor-element elementor-element-f778862 elementor-widget elementor-widget-heading\" data-id=\"f778862\" data-element_type=\"widget\" data-widget_type=\"heading.default\">\n\t\t\t\t<div class=\"elementor-widget-container\">\n\t\t\t<h2 class=\"elementor-heading-title elementor-size-default\">Le premier rendez-vous : entre 1 et 2 mois de grossesse<\/h2>\t\t<\/div>\n\t\t\t\t<\/div>\n\t\t\t\t<div class=\"elementor-element elementor-element-3c7511a elementor-aspect-ratio-169 elementor-widget elementor-widget-video\" data-id=\"3c7511a\" data-element_type=\"widget\" data-settings=\"{&quot;youtube_url&quot;:&quot;https:\\\/\\\/www.youtube.com\\\/watch?v=ocH1iyvu1T0&amp;list=PLRNBVLPT99HsswRdsdUB53odMHx-m9rjj&amp;index=2&quot;,&quot;video_type&quot;:&quot;youtube&quot;,&quot;controls&quot;:&quot;yes&quot;,&quot;aspect_ratio&quot;:&quot;169&quot;}\" data-widget_type=\"video.default\">\n\t\t\t\t<div class=\"elementor-widget-container\">\n\t\t\t\t\t<div class=\"elementor-wrapper elementor-fit-aspect-ratio elementor-open-inline\">\n\t\t\t<div class=\"elementor-video\"><\/div>\t\t<\/div>\n\t\t\t\t<\/div>\n\t\t\t\t<\/div>\n\t\t\t\t<div class=\"elementor-element elementor-element-fd2c881 elementor-widget elementor-widget-text-editor\" data-id=\"fd2c881\" data-element_type=\"widget\" data-widget_type=\"text-editor.default\">\n\t\t\t\t<div class=\"elementor-widget-container\">\n\t\t\t\t\t\t\t\t<p><strong>Lors de cette premi\u00e8re visite, Le Dr Simon prendra le temps de r\u00e9pondre \u00e0 vos questions, vos inqui\u00e9tudes et vos besoins sp\u00e9cifiques.<\/strong><\/p>\t\t\t\t\t\t<\/div>\n\t\t\t\t<\/div>\n\t\t\t\t<section class=\"elementor-section elementor-inner-section elementor-element elementor-element-542e454 elementor-section-boxed elementor-section-height-default elementor-section-height-default\" data-id=\"542e454\" data-element_type=\"section\">\n\t\t\t\t\t\t<div class=\"elementor-container elementor-column-gap-wide\">\n\t\t\t\t\t<div class=\"elementor-column elementor-col-50 elementor-inner-column elementor-element elementor-element-fa158c2\" data-id=\"fa158c2\" data-element_type=\"column\">\n\t\t\t<div class=\"elementor-widget-wrap elementor-element-populated\">\n\t\t\t\t\t\t\t\t<div class=\"elementor-element elementor-element-e65cd94 elementor-widget elementor-widget-text-editor\" data-id=\"e65cd94\" data-element_type=\"widget\" data-widget_type=\"text-editor.default\">\n\t\t\t\t<div class=\"elementor-widget-container\">\n\t\t\t\t\t\t\t\t<h5><span style=\"color: #000000;\"><strong>&#8211; Hygi\u00e8ne de vie et ant\u00e9c\u00e9dents<\/strong><\/span><\/h5>\n<p><!-- \/wp:heading --><!-- wp:paragraph --><\/p>\n<p>Lors de la premi\u00e8re visite au d\u00e9but de la grossesse, un bref r\u00e9cit de votre histoire familiale et personnelle sera demand\u00e9, y compris le d\u00e9roulement de vos grossesses pr\u00e9c\u00e9dentes, s&#8217;il y a lieu. Vos habitudes de vie, votre alimentation, le type de travail que vous effectuez, la prise de m\u00e9dicaments ou toute autre information seront susceptibles d&#8217;aider votre m\u00e9decin \u00e0 mieux vous conna\u00eetre et vous conseiller.<\/p>\n<p><!-- \/wp:paragraph --><!-- wp:paragraph --><\/p>\t\t\t\t\t\t<\/div>\n\t\t\t\t<\/div>\n\t\t\t\t\t<\/div>\n\t\t<\/div>\n\t\t\t\t<div class=\"elementor-column elementor-col-50 elementor-inner-column elementor-element elementor-element-bf34902\" data-id=\"bf34902\" data-element_type=\"column\">\n\t\t\t<div class=\"elementor-widget-wrap elementor-element-populated\">\n\t\t\t\t\t\t\t\t<div class=\"elementor-element elementor-element-386fcb4 elementor-widget elementor-widget-text-editor\" data-id=\"386fcb4\" data-element_type=\"widget\" data-widget_type=\"text-editor.default\">\n\t\t\t\t<div class=\"elementor-widget-container\">\n\t\t\t\t\t\t\t\t<p><!-- \/wp:paragraph --><!-- wp:paragraph --><\/p>\n<p><strong>&#8211; Calcul du terme de la grossesse<\/strong><\/p>\n<p><!-- \/wp:paragraph --><!-- wp:paragraph --><\/p>\n<p>Apr\u00e8s un questionnaire, un examen gyn\u00e9cologique et une \u00e9chographie, nous \u00e9valuerons la date pr\u00e9sum\u00e9e du d\u00e9but de la grossesse. Pour calculer le terme de la grossesse, il faut compter 41 semaines d&#8217;am\u00e9norrh\u00e9e (= p\u00e9riode sans r\u00e8gles) \u00e0 partir des 2 semaines pr\u00e9c\u00e9dant la date pr\u00e9sum\u00e9e de d\u00e9but de grossesse.<\/p>\n<p><!-- \/wp:paragraph --><!-- wp:paragraph --><\/p>\t\t\t\t\t\t<\/div>\n\t\t\t\t<\/div>\n\t\t\t\t\t<\/div>\n\t\t<\/div>\n\t\t\t\t\t\t\t<\/div>\n\t\t<\/section>\n\t\t\t\t<div class=\"elementor-element elementor-element-954465d elementor-widget elementor-widget-text-editor\" data-id=\"954465d\" data-element_type=\"widget\" data-widget_type=\"text-editor.default\">\n\t\t\t\t<div class=\"elementor-widget-container\">\n\t\t\t\t\t\t\t\t<p><b>&#8211; D\u00e9pistage et s\u00e9rologie<\/b><\/p>\n<p>Lors de la 1\u00e8re \u00e9chographie, une discussion concernant le d\u00e9pistage pr\u00e9natal d&#8217;anomalies f\u0153tales, notamment le risque de trisomie 21, pourra vous amener \u00e0 r\u00e9aliser une prise de sang.<\/p>\n<p>La s\u00e9rologie est une prise de sang qui recherche les traces d&#8217;une rencontre avec un microbe et la capacit\u00e9 de s\u2019en prot\u00e9ger. Certains microbes peuvent donner une infection du f\u0153tus lors de la 1ere rencontre, puis une protection d\u00e9finitive (Toxoplasmose, Rub\u00e9ole). Certains microbes peuvent infecter le b\u00e9b\u00e9 si on ne les en emp\u00eache pas. (H\u00e9patite B, SIDA, Syphilis).<\/p>\n<p>D&#8217;autres analyses de sang et d\u2019urines au laboratoire sont n\u00e9cessaires. Certains r\u00e9sultats peuvent d\u00e9j\u00e0 \u00eatre en votre possession :<\/p>\t\t\t\t\t\t<\/div>\n\t\t\t\t<\/div>\n\t\t\t\t<div class=\"elementor-element elementor-element-c109f91 elementor-widget elementor-widget-image\" data-id=\"c109f91\" data-element_type=\"widget\" data-widget_type=\"image.default\">\n\t\t\t\t<div class=\"elementor-widget-container\">\n\t\t\t\t\t\t\t\t\t\t\t\t\t\t\t<img src=\"http:\/\/drbenedictesimon.com\/wp-content\/uploads\/2021\/06\/Liste.png\" title=\"\" alt=\"\" \/>\t\t\t\t\t\t\t\t\t\t\t\t\t\t\t<\/div>\n\t\t\t\t<\/div>\n\t\t\t\t<div class=\"elementor-element elementor-element-f5f76e7 elementor-widget elementor-widget-text-editor\" data-id=\"f5f76e7\" data-element_type=\"widget\" data-widget_type=\"text-editor.default\">\n\t\t\t\t<div class=\"elementor-widget-container\">\n\t\t\t\t\t\t\t\t<p><b>Si vous n\u2019\u00eates pas prot\u00e9g\u00e9e contre la Toxoplasmose, une s\u00e9rologie est n\u00e9cessaire chaque mois ; il faut \u00e9galement respecter des consignes d\u2019hygi\u00e8ne alimentaire qui vous seront donn\u00e9es.<\/b><\/p>\n<p>Une analyse du taux de sucre et d&#8217;albumine est n\u00e9cessaire et obligatoire avant chaque consultation.\u00a0D\u2019autres examens pourront s\u2019ajouter selon les cas.<\/p>\n<p><!-- \/wp:paragraph --><!-- wp:paragraph --><\/p>\t\t\t\t\t\t<\/div>\n\t\t\t\t<\/div>\n\t\t\t\t<div class=\"elementor-element elementor-element-298af1c elementor-widget elementor-widget-heading\" data-id=\"298af1c\" data-element_type=\"widget\" data-widget_type=\"heading.default\">\n\t\t\t\t<div class=\"elementor-widget-container\">\n\t\t\t<h2 class=\"elementor-heading-title elementor-size-default\">Fr\u00e9quence des consultations et suivi de la grossesse<\/h2>\t\t<\/div>\n\t\t\t\t<\/div>\n\t\t\t\t<div class=\"elementor-element elementor-element-59e8c33 elementor-aspect-ratio-169 elementor-widget elementor-widget-video\" data-id=\"59e8c33\" data-element_type=\"widget\" data-settings=\"{&quot;youtube_url&quot;:&quot;https:\\\/\\\/www.youtube.com\\\/watch?v=8evRkmpUv58&amp;list=PLRNBVLPT99HsswRdsdUB53odMHx-m9rjj&amp;index=3&quot;,&quot;video_type&quot;:&quot;youtube&quot;,&quot;controls&quot;:&quot;yes&quot;,&quot;aspect_ratio&quot;:&quot;169&quot;}\" data-widget_type=\"video.default\">\n\t\t\t\t<div class=\"elementor-widget-container\">\n\t\t\t\t\t<div class=\"elementor-wrapper elementor-fit-aspect-ratio elementor-open-inline\">\n\t\t\t<div class=\"elementor-video\"><\/div>\t\t<\/div>\n\t\t\t\t<\/div>\n\t\t\t\t<\/div>\n\t\t\t\t\t<\/div>\n\t\t<\/div>\n\t\t\t\t\t\t\t<\/div>\n\t\t<\/section>\n\t\t\t\t<section class=\"elementor-section elementor-top-section elementor-element elementor-element-12544cc elementor-section-boxed elementor-section-height-default elementor-section-height-default\" data-id=\"12544cc\" data-element_type=\"section\">\n\t\t\t\t\t\t<div class=\"elementor-container elementor-column-gap-default\">\n\t\t\t\t\t<div class=\"elementor-column elementor-col-100 elementor-top-column elementor-element elementor-element-5cc64b2\" data-id=\"5cc64b2\" data-element_type=\"column\">\n\t\t\t<div class=\"elementor-widget-wrap elementor-element-populated\">\n\t\t\t\t\t\t\t\t<div class=\"elementor-element elementor-element-1167814 elementor-widget elementor-widget-text-editor\" data-id=\"1167814\" data-element_type=\"widget\" data-widget_type=\"text-editor.default\">\n\t\t\t\t<div class=\"elementor-widget-container\">\n\t\t\t\t\t\t\t\t<p><!-- \/wp:heading --><!-- wp:image {\"id\":519,\"sizeSlug\":\"large\"} --><\/p>\n<figure class=\"wp-block-image size-large\"><\/figure>\n<p><!-- \/wp:image --><!-- wp:paragraph {\"align\":\"left\"} --><\/p>\n<p class=\"has-text-align-left\">Les visites se font en g\u00e9n\u00e9ral tous les mois jusqu\u2019\u00e0 8 mois.<\/p>\n<p><!-- \/wp:paragraph --><!-- wp:paragraph {\"align\":\"left\"} --><\/p>\n<p class=\"has-text-align-left\">A l\u2019approche de l\u2019accouchement le suivi se rapproche, jusqu\u2019\u00e0 une fois par semaine le dernier mois. Ce suivi rapproch\u00e9 \u00e0 la fin de la grossesse s\u2019inspire du suivi de grossesse anglo-saxon dont on envie la faible morbidit\u00e9 maternelle et infantile.\u00a0En fonction de votre situation la fr\u00e9quence des consultations pourra \u00eatre adapt\u00e9e.\u00a0A chaque visite la tension art\u00e9rielle, le poids, la hauteur ut\u00e9rine sont mesur\u00e9s; l\u2019\u00e9tat du col peut \u00eatre analys\u00e9.<\/p>\n<p><!-- \/wp:paragraph --><!-- wp:paragraph {\"align\":\"left\"} --><\/p>\n<p><!-- \/wp:paragraph --><!-- wp:paragraph {\"align\":\"left\"} --><\/p>\n<p><!-- \/wp:paragraph --><!-- wp:paragraph {\"align\":\"left\"} --><\/p>\t\t\t\t\t\t<\/div>\n\t\t\t\t<\/div>\n\t\t\t\t\t<\/div>\n\t\t<\/div>\n\t\t\t\t\t\t\t<\/div>\n\t\t<\/section>\n\t\t\t\t<section class=\"elementor-section elementor-top-section elementor-element elementor-element-e0e8725 elementor-section-boxed elementor-section-height-default elementor-section-height-default\" data-id=\"e0e8725\" data-element_type=\"section\">\n\t\t\t\t\t\t<div class=\"elementor-container elementor-column-gap-default\">\n\t\t\t\t\t<div class=\"elementor-column elementor-col-100 elementor-top-column elementor-element elementor-element-32ef838\" data-id=\"32ef838\" data-element_type=\"column\">\n\t\t\t<div class=\"elementor-widget-wrap elementor-element-populated\">\n\t\t\t\t\t\t\t\t<div class=\"elementor-element elementor-element-cb0da03 elementor-widget elementor-widget-image\" data-id=\"cb0da03\" data-element_type=\"widget\" data-widget_type=\"image.default\">\n\t\t\t\t<div class=\"elementor-widget-container\">\n\t\t\t\t\t\t\t\t\t\t\t\t\t\t\t<img width=\"1024\" height=\"576\" src=\"https:\/\/drbenedictesimon.com\/wp-content\/uploads\/2021\/06\/Frise-chronologique-v2-1024x576.png\" class=\"attachment-large size-large\" alt=\"frise chronologique, chronologie, grossesse, accouchement, \u00e9tape par \u00e9tape\" loading=\"lazy\" srcset=\"https:\/\/drbenedictesimon.com\/wp-content\/uploads\/2021\/06\/Frise-chronologique-v2-1024x576.png 1024w, https:\/\/drbenedictesimon.com\/wp-content\/uploads\/2021\/06\/Frise-chronologique-v2-300x169.png 300w, https:\/\/drbenedictesimon.com\/wp-content\/uploads\/2021\/06\/Frise-chronologique-v2-768x432.png 768w, https:\/\/drbenedictesimon.com\/wp-content\/uploads\/2021\/06\/Frise-chronologique-v2.png 1366w\" sizes=\"(max-width: 1024px) 100vw, 1024px\" \/>\t\t\t\t\t\t\t\t\t\t\t\t\t\t\t<\/div>\n\t\t\t\t<\/div>\n\t\t\t\t\t<\/div>\n\t\t<\/div>\n\t\t\t\t\t\t\t<\/div>\n\t\t<\/section>\n\t\t\t\t\t\t<\/div>\n\t\t\t\t\t<\/div>\n\t\t","protected":false},"excerpt":{"rendered":"<p>La consultation pr\u00e9-conceptionnelle Une consultation est conseill\u00e9e en pr\u00e9vision de la grossesse.\u00a0Elle permet l\u2019analyse de votre histoire m\u00e9dicale personnelle (via l\u2019interrogatoire et le carnet de sant\u00e9) et familiale. Un examen clinique et quelques examens sanguins compl\u00e8teront cette \u00e9tude. Dans le cas de situations m\u00e9dicales particuli\u00e8res, l\u2019avis aupr\u00e8s de certains sp\u00e9cialistes permettra de pr\u00e9parer au mieux&hellip;&nbsp;<a href=\"https:\/\/drbenedictesimon.com\/index.php\/votre-suivi\/\" class=\"\" rel=\"bookmark\">Lire la suite &raquo;<span class=\"screen-reader-text\">Votre suivi<\/span><\/a><\/p>\n","protected":false},"author":1,"featured_media":0,"parent":0,"menu_order":0,"comment_status":"closed","ping_status":"closed","template":"","meta":{"neve_meta_sidebar":"","neve_meta_container":"","neve_meta_enable_content_width":"","neve_meta_content_width":0,"neve_meta_title_alignment":"","neve_meta_author_avatar":"","neve_post_elements_order":"","neve_meta_disable_header":"","neve_meta_disable_footer":"","neve_meta_disable_title":""},"yoast_head":"<!-- This site is optimized with the Yoast SEO plugin v16.7 - https:\/\/yoast.com\/wordpress\/plugins\/seo\/ -->\n<title>Votre suivi - Dr B\u00e9n\u00e9dicte SIMON<\/title>\n<meta name=\"robots\" content=\"index, follow, max-snippet:-1, max-image-preview:large, max-video-preview:-1\" \/>\n<link rel=\"canonical\" href=\"https:\/\/drbenedictesimon.com\/index.php\/votre-suivi\/\" \/>\n<meta property=\"og:locale\" content=\"fr_FR\" \/>\n<meta property=\"og:type\" content=\"article\" \/>\n<meta property=\"og:title\" content=\"Votre suivi - Dr B\u00e9n\u00e9dicte SIMON\" \/>\n<meta property=\"og:description\" content=\"La consultation pr\u00e9-conceptionnelle Une consultation est conseill\u00e9e en pr\u00e9vision de la grossesse.\u00a0Elle permet l\u2019analyse de votre histoire m\u00e9dicale personnelle (via l\u2019interrogatoire et le carnet de sant\u00e9) et familiale. Un examen clinique et quelques examens sanguins compl\u00e8teront cette \u00e9tude. Dans le cas de situations m\u00e9dicales particuli\u00e8res, l\u2019avis aupr\u00e8s de certains sp\u00e9cialistes permettra de pr\u00e9parer au mieux&hellip;&nbsp;Lire la suite &raquo;Votre suivi\" \/>\n<meta property=\"og:url\" content=\"https:\/\/drbenedictesimon.com\/index.php\/votre-suivi\/\" \/>\n<meta property=\"og:site_name\" content=\"Dr B\u00e9n\u00e9dicte SIMON\" \/>\n<meta property=\"article:modified_time\" content=\"2021-06-22T08:55:34+00:00\" \/>\n<meta property=\"og:image\" content=\"http:\/\/drbenedictesimon.com\/wp-content\/uploads\/2021\/06\/Liste.png\" \/>\n<meta name=\"twitter:card\" content=\"summary_large_image\" \/>\n<meta name=\"twitter:label1\" content=\"Dur\u00e9e de lecture est.\" \/>\n\t<meta name=\"twitter:data1\" content=\"4 minutes\" \/>\n<script type=\"application\/ld+json\" class=\"yoast-schema-graph\">{\"@context\":\"https:\/\/schema.org\",\"@graph\":[{\"@type\":\"WebSite\",\"@id\":\"https:\/\/drbenedictesimon.com\/#website\",\"url\":\"https:\/\/drbenedictesimon.com\/\",\"name\":\"Dr B\\u00e9n\\u00e9dicte SIMON\",\"description\":\"Pour une naissance sereine\",\"potentialAction\":[{\"@type\":\"SearchAction\",\"target\":{\"@type\":\"EntryPoint\",\"urlTemplate\":\"https:\/\/drbenedictesimon.com\/?s={search_term_string}\"},\"query-input\":\"required name=search_term_string\"}],\"inLanguage\":\"fr-FR\"},{\"@type\":\"ImageObject\",\"@id\":\"https:\/\/drbenedictesimon.com\/index.php\/votre-suivi\/#primaryimage\",\"inLanguage\":\"fr-FR\",\"url\":\"http:\/\/drbenedictesimon.com\/wp-content\/uploads\/2021\/06\/Liste.png\",\"contentUrl\":\"http:\/\/drbenedictesimon.com\/wp-content\/uploads\/2021\/06\/Liste.png\"},{\"@type\":\"WebPage\",\"@id\":\"https:\/\/drbenedictesimon.com\/index.php\/votre-suivi\/#webpage\",\"url\":\"https:\/\/drbenedictesimon.com\/index.php\/votre-suivi\/\",\"name\":\"Votre suivi - Dr B\\u00e9n\\u00e9dicte SIMON\",\"isPartOf\":{\"@id\":\"https:\/\/drbenedictesimon.com\/#website\"},\"primaryImageOfPage\":{\"@id\":\"https:\/\/drbenedictesimon.com\/index.php\/votre-suivi\/#primaryimage\"},\"datePublished\":\"2021-06-03T15:26:46+00:00\",\"dateModified\":\"2021-06-22T08:55:34+00:00\",\"breadcrumb\":{\"@id\":\"https:\/\/drbenedictesimon.com\/index.php\/votre-suivi\/#breadcrumb\"},\"inLanguage\":\"fr-FR\",\"potentialAction\":[{\"@type\":\"ReadAction\",\"target\":[\"https:\/\/drbenedictesimon.com\/index.php\/votre-suivi\/\"]}]},{\"@type\":\"BreadcrumbList\",\"@id\":\"https:\/\/drbenedictesimon.com\/index.php\/votre-suivi\/#breadcrumb\",\"itemListElement\":[{\"@type\":\"ListItem\",\"position\":1,\"name\":\"Accueil\",\"item\":\"https:\/\/drbenedictesimon.com\/\"},{\"@type\":\"ListItem\",\"position\":2,\"name\":\"Votre suivi\"}]}]}<\/script>\n<!-- \/ Yoast SEO plugin. -->","yoast_head_json":{"title":"Votre suivi - Dr B\u00e9n\u00e9dicte SIMON","robots":{"index":"index","follow":"follow","max-snippet":"max-snippet:-1","max-image-preview":"max-image-preview:large","max-video-preview":"max-video-preview:-1"},"canonical":"https:\/\/drbenedictesimon.com\/index.php\/votre-suivi\/","og_locale":"fr_FR","og_type":"article","og_title":"Votre suivi - Dr B\u00e9n\u00e9dicte SIMON","og_description":"La consultation pr\u00e9-conceptionnelle Une consultation est conseill\u00e9e en pr\u00e9vision de la grossesse.\u00a0Elle permet l\u2019analyse de votre histoire m\u00e9dicale personnelle (via l\u2019interrogatoire et le carnet de sant\u00e9) et familiale. Un examen clinique et quelques examens sanguins compl\u00e8teront cette \u00e9tude. Dans le cas de situations m\u00e9dicales particuli\u00e8res, l\u2019avis aupr\u00e8s de certains sp\u00e9cialistes permettra de pr\u00e9parer au mieux&hellip;&nbsp;Lire la suite &raquo;Votre suivi","og_url":"https:\/\/drbenedictesimon.com\/index.php\/votre-suivi\/","og_site_name":"Dr B\u00e9n\u00e9dicte SIMON","article_modified_time":"2021-06-22T08:55:34+00:00","og_image":[{"url":"http:\/\/drbenedictesimon.com\/wp-content\/uploads\/2021\/06\/Liste.png"}],"twitter_card":"summary_large_image","twitter_misc":{"Dur\u00e9e de lecture est.":"4 minutes"},"schema":{"@context":"https:\/\/schema.org","@graph":[{"@type":"WebSite","@id":"https:\/\/drbenedictesimon.com\/#website","url":"https:\/\/drbenedictesimon.com\/","name":"Dr B\u00e9n\u00e9dicte SIMON","description":"Pour une naissance sereine","potentialAction":[{"@type":"SearchAction","target":{"@type":"EntryPoint","urlTemplate":"https:\/\/drbenedictesimon.com\/?s={search_term_string}"},"query-input":"required name=search_term_string"}],"inLanguage":"fr-FR"},{"@type":"ImageObject","@id":"https:\/\/drbenedictesimon.com\/index.php\/votre-suivi\/#primaryimage","inLanguage":"fr-FR","url":"http:\/\/drbenedictesimon.com\/wp-content\/uploads\/2021\/06\/Liste.png","contentUrl":"http:\/\/drbenedictesimon.com\/wp-content\/uploads\/2021\/06\/Liste.png"},{"@type":"WebPage","@id":"https:\/\/drbenedictesimon.com\/index.php\/votre-suivi\/#webpage","url":"https:\/\/drbenedictesimon.com\/index.php\/votre-suivi\/","name":"Votre suivi - Dr B\u00e9n\u00e9dicte SIMON","isPartOf":{"@id":"https:\/\/drbenedictesimon.com\/#website"},"primaryImageOfPage":{"@id":"https:\/\/drbenedictesimon.com\/index.php\/votre-suivi\/#primaryimage"},"datePublished":"2021-06-03T15:26:46+00:00","dateModified":"2021-06-22T08:55:34+00:00","breadcrumb":{"@id":"https:\/\/drbenedictesimon.com\/index.php\/votre-suivi\/#breadcrumb"},"inLanguage":"fr-FR","potentialAction":[{"@type":"ReadAction","target":["https:\/\/drbenedictesimon.com\/index.php\/votre-suivi\/"]}]},{"@type":"BreadcrumbList","@id":"https:\/\/drbenedictesimon.com\/index.php\/votre-suivi\/#breadcrumb","itemListElement":[{"@type":"ListItem","position":1,"name":"Accueil","item":"https:\/\/drbenedictesimon.com\/"},{"@type":"ListItem","position":2,"name":"Votre suivi"}]}]}},"uagb_featured_image_src":{"full":false,"thumbnail":false,"medium":false,"medium_large":false,"large":false,"1536x1536":false,"2048x2048":false,"neve-blog":false},"uagb_author_info":{"display_name":"admin2044","author_link":"https:\/\/drbenedictesimon.com\/index.php\/author\/admin2044\/"},"uagb_comment_info":0,"uagb_excerpt":"La consultation pr\u00e9-conceptionnelle Une consultation est conseill\u00e9e en pr\u00e9vision de la grossesse.\u00a0Elle permet l\u2019analyse de votre histoire m\u00e9dicale personnelle (via l\u2019interrogatoire et le carnet de sant\u00e9) et familiale. Un examen clinique et quelques examens sanguins compl\u00e8teront cette \u00e9tude. Dans le cas de situations m\u00e9dicales particuli\u00e8res, l\u2019avis aupr\u00e8s de certains sp\u00e9cialistes permettra de pr\u00e9parer au mieux&hellip;&nbsp;Lire\u2026","_links":{"self":[{"href":"https:\/\/drbenedictesimon.com\/index.php\/wp-json\/wp\/v2\/pages\/77"}],"collection":[{"href":"https:\/\/drbenedictesimon.com\/index.php\/wp-json\/wp\/v2\/pages"}],"about":[{"href":"https:\/\/drbenedictesimon.com\/index.php\/wp-json\/wp\/v2\/types\/page"}],"author":[{"embeddable":true,"href":"https:\/\/drbenedictesimon.com\/index.php\/wp-json\/wp\/v2\/users\/1"}],"replies":[{"embeddable":true,"href":"https:\/\/drbenedictesimon.com\/index.php\/wp-json\/wp\/v2\/comments?post=77"}],"version-history":[{"count":162,"href":"https:\/\/drbenedictesimon.com\/index.php\/wp-json\/wp\/v2\/pages\/77\/revisions"}],"predecessor-version":[{"id":1728,"href":"https:\/\/drbenedictesimon.com\/index.php\/wp-json\/wp\/v2\/pages\/77\/revisions\/1728"}],"wp:attachment":[{"href":"https:\/\/drbenedictesimon.com\/index.php\/wp-json\/wp\/v2\/media?parent=77"}],"curies":[{"name":"wp","href":"https:\/\/api.w.org\/{rel}","templated":true}]}}